{"id":207633,"date":"2017-11-17T23:01:34","date_gmt":"2017-11-17T21:01:34","guid":{"rendered":"https:\/\/staging.hoteldina.com\/emplacement\/"},"modified":"2026-04-20T00:25:29","modified_gmt":"2026-04-19T21:25:29","slug":"emplacement","status":"publish","type":"page","link":"https:\/\/www.hoteldina.com\/fr\/emplacement\/","title":{"rendered":"Emplacement"},"content":{"rendered":"<p>[et_pb_section fb_built=&#8221;1&#8243; fullwidth=&#8221;on&#8221; _builder_version=&#8221;4.16&#8243; global_colors_info=&#8221;{}&#8221;][et_pb_fullwidth_header title=&#8221;le quartier&#8221; background_overlay_color=&#8221;rgba(33,33,33,0.4)&#8221; _builder_version=&#8221;4.16&#8243; title_text_color=&#8221;#ffffff&#8221; background_color=&#8221;rgba(255, 255, 255, 0)&#8221; background_image=&#8221;https:\/\/www.hoteldina.com\/wp-content\/uploads\/2017\/11\/une-des-plage-a-parikia-paros.jpg&#8221; global_colors_info=&#8221;{}&#8221; button_one_text_size__hover_enabled=&#8221;off&#8221; button_two_text_size__hover_enabled=&#8221;off&#8221; button_one_text_color__hover_enabled=&#8221;off&#8221; button_two_text_color__hover_enabled=&#8221;off&#8221; button_one_border_width__hover_enabled=&#8221;off&#8221; button_two_border_width__hover_enabled=&#8221;off&#8221; button_one_border_color__hover_enabled=&#8221;off&#8221; button_two_border_color__hover_enabled=&#8221;off&#8221; button_one_border_radius__hover_enabled=&#8221;off&#8221; button_two_border_radius__hover_enabled=&#8221;off&#8221; button_one_letter_spacing__hover_enabled=&#8221;off&#8221; button_two_letter_spacing__hover_enabled=&#8221;off&#8221; button_one_bg_color__hover_enabled=&#8221;off&#8221; button_two_bg_color__hover_enabled=&#8221;off&#8221;][\/et_pb_fullwidth_header][\/et_pb_section][et_pb_section fb_built=&#8221;1&#8243; module_class=&#8221;rooms-txt&#8221; _builder_version=&#8221;4.16&#8243; global_colors_info=&#8221;{}&#8221;][et_pb_row column_structure=&#8221;1_2,1_2&#8243; _builder_version=&#8221;4.16&#8243; global_colors_info=&#8221;{}&#8221;][et_pb_column type=&#8221;1_2&#8243; _builder_version=&#8221;4.16&#8243; custom_padding=&#8221;|||&#8221; global_colors_info=&#8221;{}&#8221; custom_padding__hover=&#8221;|||&#8221;][et_pb_text admin_label=&#8221;title&#8221; module_class=&#8221;room-title&#8221; _builder_version=&#8221;4.16&#8243; text_font=&#8221;||||&#8221; text_text_color=&#8221;#1a1a1a&#8221; header_font=&#8221;Oswald|on||on|&#8221; header_text_align=&#8221;left&#8221; header_font_size=&#8221;60px&#8221; header_line_height=&#8221;1.3em&#8221; custom_margin=&#8221;|||&#8221; custom_padding=&#8221;|||&#8221; animation_style=&#8221;slide&#8221; animation_direction=&#8221;top&#8221; animation_intensity_slide=&#8221;10%&#8221; locked=&#8221;off&#8221; global_colors_info=&#8221;{}&#8221;]<\/p>\n<h1>Parikia, Paros<\/h1>\n<p>[\/et_pb_text][et_pb_divider color=&#8221;#41c3ed&#8221; divider_position=&#8221;center&#8221; divider_weight=&#8221;3px&#8221; disabled_on=&#8221;off|off|off&#8221; _builder_version=&#8221;4.16&#8243; max_width=&#8221;150px&#8221; height=&#8221;false&#8221; animation_style=&#8221;slide&#8221; animation_direction=&#8221;top&#8221; animation_delay=&#8221;100ms&#8221; animation_intensity_slide=&#8221;10%&#8221; locked=&#8221;off&#8221; global_colors_info=&#8221;{}&#8221;][\/et_pb_divider][et_pb_text admin_label=&#8221;sutitle&#8221; module_class=&#8221;room-subtitlte&#8221; _builder_version=&#8221;4.16&#8243; text_font=&#8221;||||&#8221; text_text_color=&#8221;#1a1a1a&#8221; text_font_size=&#8221;24px&#8221; text_line_height=&#8221;1.4em&#8221; animation_style=&#8221;slide&#8221; animation_direction=&#8221;top&#8221; animation_delay=&#8221;200ms&#8221; animation_intensity_slide=&#8221;10%&#8221; locked=&#8221;off&#8221; global_colors_info=&#8221;{}&#8221;]<\/p>\n<h2>Au c\u0153ur de la vieille ville traditionnelle.<\/h2>\n<p>[\/et_pb_text][et_pb_text admin_label=&#8221;description&#8221; module_class=&#8221;room-descr&#8221; _builder_version=&#8221;4.16&#8243; text_font=&#8221;Roboto||||&#8221; text_font_size=&#8221;16px&#8221; text_line_height=&#8221;1.9em&#8221; animation_style=&#8221;slide&#8221; animation_direction=&#8221;top&#8221; animation_intensity_slide=&#8221;4%&#8221; locked=&#8221;off&#8221; global_colors_info=&#8221;{}&#8221;]L\u2019h\u00f4tel Dina est situ\u00e9 sur une petite place dans Market Street la rue embl\u00e9matique de Parikia, la capitale de l\u2019\u00eele de Paros. Cette place est entour\u00e9e de rep\u00e8res historiques comme la petite chapelle post-byzantine d\u2019Agia Triada et son magnifique d\u00f4me bleu ainsi que la fontaine en marbre de Nikolaos Mavrogenis, le roi de Moldavie originaire de Paros datant du 18\u00e8me si\u00e8cle.<br \/>\n[\/et_pb_text][\/et_pb_column][et_pb_column type=&#8221;1_2&#8243; _builder_version=&#8221;4.16&#8243; custom_padding=&#8221;|||&#8221; global_colors_info=&#8221;{}&#8221; custom_padding__hover=&#8221;|||&#8221;][et_pb_text admin_label=&#8221;description&#8221; module_class=&#8221;room-descr&#8221; _builder_version=&#8221;4.17.4&#8243; text_font=&#8221;Roboto||||&#8221; text_font_size=&#8221;16px&#8221; text_line_height=&#8221;1.9em&#8221; animation_style=&#8221;slide&#8221; animation_direction=&#8221;top&#8221; animation_intensity_slide=&#8221;4%&#8221; global_colors_info=&#8221;{}&#8221;]<\/p>\n<p>Le quartier compte 3 restaurants : l\u2019Apollo, Henri G et le Micro Cafe pour le petit-d\u00e9jeuner ou pour boire un verre. Tout au long de la jolie rue de l\u2019h\u00f4tel, vous trouverez des boutiques de v\u00eatements, de bijoux, de souvenirs de Paros et des produits locaux. <\/p>\n<p>Par sa superficie Paros est la deuxi\u00e8me \u00eele des Cyclades, situ\u00e9e au centre de la mer Eg\u00e9e. C\u2019est l\u2019une des \u00eeles grecques les plus visit\u00e9es, qui a toujours accueilli chaleureusement les voyageurs, de l\u2019antiquit\u00e9 \u00e0 nos jours. <\/p>\n<p>[\/et_pb_text][\/et_pb_column][\/et_pb_row][\/et_pb_section][et_pb_section fb_built=&#8221;1&#8243; fullwidth=&#8221;on&#8221; _builder_version=&#8221;4.16&#8243; global_colors_info=&#8221;{}&#8221;][et_pb_fullwidth_code _builder_version=&#8221;4.18.0&#8243; _module_preset=&#8221;default&#8221; global_colors_info=&#8221;{}&#8221;]<iframe src=\"https:\/\/www.google.com\/maps\/embed?pb=!1m18!1m12!1m3!1d3879.177189650541!2d25.145171229949007!3d37.08334041313976!2m3!1f0!2f0!3f0!3m2!1i1024!2i768!4f13.1!3m3!1m2!1s0x1498710e2ecc30e3%3A0x5c38d5e66181fb5e!2sHotel%20Dina!5e1!3m2!1sen!2sgr!4v1776632977011!5m2!1sen!2sgr\" width=\"1900\" height=\"500\" style=\"border:0;\" allowfullscreen=\"\" loading=\"lazy\" referrerpolicy=\"no-referrer-when-downgrade\"><\/iframe>[\/et_pb_fullwidth_code][\/et_pb_section][et_pb_section fb_built=&#8221;1&#8243; module_class=&#8221;rooms-txt&#8221; _builder_version=&#8221;4.16&#8243; global_colors_info=&#8221;{}&#8221;][et_pb_row column_structure=&#8221;1_2,1_2&#8243; _builder_version=&#8221;4.16&#8243; global_colors_info=&#8221;{}&#8221;][et_pb_column type=&#8221;1_2&#8243; _builder_version=&#8221;4.16&#8243; custom_padding=&#8221;|||&#8221; global_colors_info=&#8221;{}&#8221; custom_padding__hover=&#8221;|||&#8221;][et_pb_text admin_label=&#8221;description&#8221; module_class=&#8221;room-descr&#8221; _builder_version=&#8221;4.16&#8243; text_font=&#8221;Roboto||||&#8221; text_font_size=&#8221;16px&#8221; text_line_height=&#8221;1.9em&#8221; animation_style=&#8221;slide&#8221; animation_direction=&#8221;top&#8221; animation_intensity_slide=&#8221;4%&#8221; locked=&#8221;off&#8221; global_colors_info=&#8221;{}&#8221;]A 100m de l\u2019h\u00f4tel vous pourrez admirer le Kastro (le ch\u00e2teau), la partie m\u00e9di\u00e9vale de Parikia avec son castello v\u00e9nitien et la tr\u00e8s belle chapelle d\u2019Agios Konstantinos, d\u2019o\u00f9 l\u2019on a une vue splendide sur la mer Eg\u00e9e et les \u00eeles avoisinantes. <\/p>\n<p>Un peu plus loin se trouve l&#8217;\u201dEglise aux cent portes\u201d (ou Ekatontapiliani), la plus ancienne \u00e9glise orthodoxe de Gr\u00e8ce datant des d\u00e9buts du christianisme et l\u2019un des monuments les plus importants du monde chr\u00e9tien.<br \/>\n[\/et_pb_text][\/et_pb_column][et_pb_column type=&#8221;1_2&#8243; _builder_version=&#8221;4.16&#8243; custom_padding=&#8221;|||&#8221; global_colors_info=&#8221;{}&#8221; custom_padding__hover=&#8221;|||&#8221;][et_pb_text admin_label=&#8221;description&#8221; module_class=&#8221;room-descr&#8221; _builder_version=&#8221;4.16&#8243; text_font=&#8221;Roboto||||&#8221; text_font_size=&#8221;16px&#8221; text_line_height=&#8221;1.9em&#8221; animation_style=&#8221;slide&#8221; animation_direction=&#8221;top&#8221; animation_intensity_slide=&#8221;4%&#8221; global_colors_info=&#8221;{}&#8221;]Ensuite, apr\u00e8s le port, on arrive sur la plage de Livadia, proposant de nombreuses activit\u00e9s et de l\u2019autre c\u00f4t\u00e9 de la baie, on trouve Marcelo Beach, l\u2019une des plus belles plages de Paros, avec ses eaux limpides, labellis\u00e9e Pavillon bleu.<br \/>\n[\/et_pb_text][\/et_pb_column][\/et_pb_row][et_pb_row _builder_version=&#8221;4.16&#8243; background_size=&#8221;initial&#8221; background_position=&#8221;top_left&#8221; background_repeat=&#8221;repeat&#8221; global_colors_info=&#8221;{}&#8221;][et_pb_column type=&#8221;4_4&#8243; _builder_version=&#8221;4.16&#8243; custom_padding=&#8221;|||&#8221; global_colors_info=&#8221;{}&#8221; custom_padding__hover=&#8221;|||&#8221;][et_pb_gallery gallery_ids=&#8221;207837,207849,207864,207867,207870,207876,207879,207882,207885,207873,207840,207846,207852,207861,207858,207843,207855&#8243; posts_number=&#8221;17&#8243; show_title_and_caption=&#8221;off&#8221; show_pagination=&#8221;off&#8221; zoom_icon_color=&#8221;#1ec4d6&#8243; _builder_version=&#8221;4.17.4&#8243; custom_margin=&#8221;0px|||&#8221; custom_padding=&#8221;0px|||&#8221; pagination_font_size_tablet=&#8221;51&#8243; pagination_line_height_tablet=&#8221;2&#8243; global_colors_info=&#8221;{}&#8221;][\/et_pb_gallery][\/et_pb_column][\/et_pb_row][\/et_pb_section][et_pb_section fb_built=&#8221;1&#8243; admin_label=&#8221;footer GR section&#8221; module_class=&#8221;section-footer&#8221; _builder_version=&#8221;4.16&#8243; background_color=&#8221;#212121&#8243; global_module=&#8221;204975&#8243; global_colors_info=&#8221;{}&#8221;][et_pb_row column_structure=&#8221;1_2,1_2&#8243; module_class=&#8221; et_pb_row_fullwidth&#8221; _builder_version=&#8221;4.16&#8243; width=&#8221;89%&#8221; width_tablet=&#8221;80%&#8221; width_phone=&#8221;&#8221; width_last_edited=&#8221;on|desktop&#8221; max_width=&#8221;89%&#8221; max_width_tablet=&#8221;80%&#8221; max_width_phone=&#8221;&#8221; max_width_last_edited=&#8221;on|desktop&#8221; make_fullwidth=&#8221;on&#8221; global_colors_info=&#8221;{}&#8221;][et_pb_column type=&#8221;1_2&#8243; _builder_version=&#8221;4.16&#8243; custom_padding=&#8221;|||&#8221; global_colors_info=&#8221;{}&#8221; custom_padding__hover=&#8221;|||&#8221;][et_pb_image src=&#8221;\/wp-content\/uploads\/ESPA.jpg&#8221; align_tablet=&#8221;center&#8221; align_phone=&#8221;&#8221; align_last_edited=&#8221;on|desktop&#8221; _builder_version=&#8221;4.16&#8243; custom_css_main_element=&#8221;max-width: 150px;&#8221; global_colors_info=&#8221;{}&#8221;][\/et_pb_image][\/et_pb_column][et_pb_column type=&#8221;1_2&#8243; _builder_version=&#8221;4.16&#8243; custom_padding=&#8221;|||&#8221; global_colors_info=&#8221;{}&#8221; custom_padding__hover=&#8221;|||&#8221;][et_pb_text admin_label=&#8221;\u0393\u0395\u039c\u0397&#8221; _builder_version=&#8221;4.18.0&#8243; text_orientation=&#8221;right&#8221; module_alignment=&#8221;right&#8221; global_colors_info=&#8221;{}&#8221;]<\/p>\n<p>, Hotel Dina, Tous droits r\u00e9serv\u00e9s<br \/>H\u00f4tel Dina | Parikia Paros, Cyclades Gr\u00e8ce | T. +30 22840 21325, +30 22840 21345<br \/>Registre g\u00e9n\u00e9ral du commerce (G.E.M.) 164056538000<\/p>\n<p>[\/et_pb_text][\/et_pb_column][\/et_pb_row][\/et_pb_section]<\/p>\n","protected":false},"excerpt":{"rendered":"<p>Parikia, Paros Au c\u0153ur de la vieille ville traditionnelle. L\u2019h\u00f4tel Dina est situ\u00e9 sur une petite place dans Market Street la rue embl\u00e9matique de Parikia, la capitale de l\u2019\u00eele de Paros. Cette place est entour\u00e9e de rep\u00e8res historiques comme la petite chapelle post-byzantine d\u2019Agia Triada et son magnifique d\u00f4me bleu ainsi que la fontaine en [&hellip;]<\/p>\n","protected":false},"author":2,"featured_media":0,"parent":0,"menu_order":0,"comment_status":"closed","ping_status":"closed","template":"","meta":{"_et_pb_use_builder":"on","_et_pb_old_content":"","_et_gb_content_width":"","footnotes":""},"class_list":["post-207633","page","type-page","status-publish","hentry"],"_links":{"self":[{"href":"https:\/\/www.hoteldina.com\/fr\/wp-json\/wp\/v2\/pages\/207633","targetHints":{"allow":["GET"]}}],"collection":[{"href":"https:\/\/www.hoteldina.com\/fr\/wp-json\/wp\/v2\/pages"}],"about":[{"href":"https:\/\/www.hoteldina.com\/fr\/wp-json\/wp\/v2\/types\/page"}],"author":[{"embeddable":true,"href":"https:\/\/www.hoteldina.com\/fr\/wp-json\/wp\/v2\/users\/2"}],"replies":[{"embeddable":true,"href":"https:\/\/www.hoteldina.com\/fr\/wp-json\/wp\/v2\/comments?post=207633"}],"version-history":[{"count":23,"href":"https:\/\/www.hoteldina.com\/fr\/wp-json\/wp\/v2\/pages\/207633\/revisions"}],"predecessor-version":[{"id":209064,"href":"https:\/\/www.hoteldina.com\/fr\/wp-json\/wp\/v2\/pages\/207633\/revisions\/209064"}],"wp:attachment":[{"href":"https:\/\/www.hoteldina.com\/fr\/wp-json\/wp\/v2\/media?parent=207633"}],"curies":[{"name":"wp","href":"https:\/\/api.w.org\/{rel}","templated":true}]}}